{"id":85,"date":"2020-03-15T01:24:13","date_gmt":"2020-03-15T00:24:13","guid":{"rendered":"https:\/\/optyk.infosun.eu\/index.php\/contact\/"},"modified":"2024-10-25T08:50:58","modified_gmt":"2024-10-25T06:50:58","slug":"kontyakt","status":"publish","type":"page","link":"https:\/\/www.optykazabrze.pl\/index.php\/kontyakt\/","title":{"rendered":"Kontakt"},"content":{"rendered":"\t\t<div data-elementor-type=\"wp-page\" data-elementor-id=\"85\" class=\"elementor elementor-85\">\n\t\t\t\t\t\t<section class=\"elementor-section elementor-top-section elementor-element elementor-element-3f91759 elementor-section-boxed elementor-section-height-default elementor-section-height-default\" data-id=\"3f91759\" data-element_type=\"section\">\n\t\t\t\t\t\t<div class=\"elementor-container elementor-column-gap-no\">\n\t\t\t\t\t<div class=\"aux-parallax-section elementor-column elementor-col-100 elementor-top-column elementor-element elementor-element-2a17c84\" data-id=\"2a17c84\" data-element_type=\"column\">\n\t\t\t<div class=\"elementor-widget-wrap elementor-element-populated\">\n\t\t\t\t\t\t<div class=\"elementor-element elementor-element-380e0a6 aux-appear-watch-animation aux-fade-in-up elementor-widget elementor-widget-heading\" data-id=\"380e0a6\" data-element_type=\"widget\" data-widget_type=\"heading.default\">\n\t\t\t\t<div class=\"elementor-widget-container\">\n\t\t\t<h2 class=\"elementor-heading-title elementor-size-default\">Kontakt<\/h2>\t\t<\/div>\n\t\t\t\t<\/div>\n\t\t\t\t<div class=\"elementor-element elementor-element-e769d9d aux-appear-watch-animation aux-fade-in-up elementor-widget elementor-widget-heading\" data-id=\"e769d9d\" data-element_type=\"widget\" data-widget_type=\"heading.default\">\n\t\t\t\t<div class=\"elementor-widget-container\">\n\t\t\t<h2 class=\"elementor-heading-title elementor-size-default\">Zapraszamy do naszych salon\u00f3w<\/h2>\t\t<\/div>\n\t\t\t\t<\/div>\n\t\t\t\t<div class=\"elementor-element elementor-element-e03abf0 elementor-widget elementor-widget-spacer\" data-id=\"e03abf0\" data-element_type=\"widget\" data-widget_type=\"spacer.default\">\n\t\t\t\t<div class=\"elementor-widget-container\">\n\t\t\t\t\t<div class=\"elementor-spacer\">\n\t\t\t<div class=\"elementor-spacer-inner\"><\/div>\n\t\t<\/div>\n\t\t\t\t<\/div>\n\t\t\t\t<\/div>\n\t\t\t\t\t<\/div>\n\t\t<\/div>\n\t\t\t\t\t<\/div>\n\t\t<\/section>\n\t\t\t\t<section class=\"elementor-section elementor-top-section elementor-element elementor-element-f119372 elementor-section-boxed elementor-section-height-default elementor-section-height-default\" data-id=\"f119372\" data-element_type=\"section\">\n\t\t\t\t\t\t<div class=\"elementor-container elementor-column-gap-no\">\n\t\t\t\t\t<div class=\"aux-parallax-section elementor-column elementor-col-33 elementor-top-column elementor-element elementor-element-4cad1b8\" data-id=\"4cad1b8\" data-element_type=\"column\">\n\t\t\t<div class=\"elementor-widget-wrap elementor-element-populated\">\n\t\t\t\t\t\t<section class=\"elementor-section elementor-inner-section elementor-element elementor-element-78fb0b8 aux-appear-watch-animation aux-fade-in-up elementor-section-boxed elementor-section-height-default elementor-section-height-default\" data-id=\"78fb0b8\" data-element_type=\"section\">\n\t\t\t\t\t\t<div class=\"elementor-container elementor-column-gap-default\">\n\t\t\t\t\t<div class=\"aux-parallax-section elementor-column elementor-col-100 elementor-inner-column elementor-element elementor-element-66980aa aux-appear-watch-animation aux-fade-in-up\" data-id=\"66980aa\" data-element_type=\"column\">\n\t\t\t<div class=\"elementor-widget-wrap elementor-element-populated\">\n\t\t\t\t\t\t<div class=\"elementor-element elementor-element-eae6b7e elementor-widget__width-auto elementor-widget elementor-widget-aux_image\" data-id=\"eae6b7e\" data-element_type=\"widget\" data-widget_type=\"aux_image.default\">\n\t\t\t\t<div class=\"elementor-widget-container\">\n\t\t\t<section class=\"widget-container aux-widget-image aux-alignnone aux-parent-au07adb1c4\">\n    <div class=\"aux-media-hint-frame \">\n        <div class=\"aux-media-image \" >\n        \n            \n\n            \n            <img decoding=\"async\" width=\"107\" height=\"108\" src=\"https:\/\/www.optykazabrze.pl\/wp-content\/uploads\/2020\/03\/Group_4058.svg\" class=\"aux-attachment aux-featured-image aux-attachment-id-25\" alt=\"demo-attachment-353-Group_4058\" data-ratio=\"0.99\" data-original-w=\"107\" \/>            \n                <\/div>\n    <\/div>\n\n<\/section><!-- widget-container -->\t\t<\/div>\n\t\t\t\t<\/div>\n\t\t\t\t<div class=\"elementor-element elementor-element-c74b869 elementor-widget__width-initial elementor-widget-mobile__width-inherit elementor-widget elementor-widget-aux_modern_heading\" data-id=\"c74b869\" data-element_type=\"widget\" data-widget_type=\"aux_modern_heading.default\">\n\t\t\t\t<div class=\"elementor-widget-container\">\n\t\t\t<section class=\"aux-widget-modern-heading\">\n            <div class=\"aux-widget-inner\"><h6 class=\"aux-modern-heading-primary\">Adres <\/h6><div class=\"aux-modern-heading-description\"><p>41-800 Zabrze, <br \/>ul. 3 Maja 2<\/p><\/div><\/div>\n        <\/section>\t\t<\/div>\n\t\t\t\t<\/div>\n\t\t\t\t\t<\/div>\n\t\t<\/div>\n\t\t\t\t\t<\/div>\n\t\t<\/section>\n\t\t\t\t<section class=\"elementor-section elementor-inner-section elementor-element elementor-element-9447f57 aux-appear-watch-animation aux-fade-in-up elementor-section-boxed elementor-section-height-default elementor-section-height-default\" data-id=\"9447f57\" data-element_type=\"section\">\n\t\t\t\t\t\t<div class=\"elementor-container elementor-column-gap-default\">\n\t\t\t\t\t<div class=\"aux-parallax-section elementor-column elementor-col-100 elementor-inner-column elementor-element elementor-element-6d669a7\" data-id=\"6d669a7\" data-element_type=\"column\">\n\t\t\t<div class=\"elementor-widget-wrap elementor-element-populated\">\n\t\t\t\t\t\t<div class=\"elementor-element elementor-element-6e5df32 elementor-widget__width-auto elementor-widget elementor-widget-aux_image\" data-id=\"6e5df32\" data-element_type=\"widget\" data-widget_type=\"aux_image.default\">\n\t\t\t\t<div class=\"elementor-widget-container\">\n\t\t\t<section class=\"widget-container aux-widget-image aux-alignnone aux-parent-au74314a21\">\n    <div class=\"aux-media-hint-frame \">\n        <div class=\"aux-media-image \" >\n        \n            \n\n            \n            <img decoding=\"async\" width=\"104\" height=\"101\" src=\"https:\/\/www.optykazabrze.pl\/wp-content\/uploads\/2020\/03\/Group_19.svg\" class=\"aux-attachment aux-featured-image aux-attachment-id-63\" alt=\"demo-attachment-47-Group_19\" data-ratio=\"1.03\" data-original-w=\"104\" \/>            \n                <\/div>\n    <\/div>\n\n<\/section><!-- widget-container -->\t\t<\/div>\n\t\t\t\t<\/div>\n\t\t\t\t<div class=\"elementor-element elementor-element-9206432 elementor-widget__width-initial elementor-widget-mobile__width-inherit elementor-widget elementor-widget-aux_modern_heading\" data-id=\"9206432\" data-element_type=\"widget\" data-widget_type=\"aux_modern_heading.default\">\n\t\t\t\t<div class=\"elementor-widget-container\">\n\t\t\t<section class=\"aux-widget-modern-heading\">\n            <div class=\"aux-widget-inner\"><h6 class=\"aux-modern-heading-primary\">Godziny otwarcia<\/h6><div class=\"aux-modern-heading-description\"><p>poniedzia\u0142ek \u2013 pi\u0105tek<br \/>9:00 \u2013 17:00<br \/>sobota 10:00 \u2013 13:00<\/p><\/div><\/div>\n        <\/section>\t\t<\/div>\n\t\t\t\t<\/div>\n\t\t\t\t\t<\/div>\n\t\t<\/div>\n\t\t\t\t\t<\/div>\n\t\t<\/section>\n\t\t\t\t<section class=\"elementor-section elementor-inner-section elementor-element elementor-element-de000c4 aux-appear-watch-animation aux-fade-in-up elementor-section-boxed elementor-section-height-default elementor-section-height-default\" data-id=\"de000c4\" data-element_type=\"section\">\n\t\t\t\t\t\t<div class=\"elementor-container elementor-column-gap-default\">\n\t\t\t\t\t<div class=\"aux-parallax-section elementor-column elementor-col-100 elementor-inner-column elementor-element elementor-element-b5cd55f\" data-id=\"b5cd55f\" data-element_type=\"column\">\n\t\t\t<div class=\"elementor-widget-wrap elementor-element-populated\">\n\t\t\t\t\t\t<div class=\"elementor-element elementor-element-e64a671 elementor-widget__width-auto elementor-widget elementor-widget-aux_image\" data-id=\"e64a671\" data-element_type=\"widget\" data-widget_type=\"aux_image.default\">\n\t\t\t\t<div class=\"elementor-widget-container\">\n\t\t\t<section class=\"widget-container aux-widget-image aux-alignnone aux-parent-au9d3d3f76\">\n    <div class=\"aux-media-hint-frame \">\n        <div class=\"aux-media-image \" >\n        \n            \n\n            \n            <img decoding=\"async\" width=\"112\" height=\"108\" src=\"https:\/\/www.optykazabrze.pl\/wp-content\/uploads\/2020\/03\/Group_4060.svg\" class=\"aux-attachment aux-featured-image aux-attachment-id-24\" alt=\"demo-attachment-356-Group_4060\" data-ratio=\"1.04\" data-original-w=\"112\" \/>            \n                <\/div>\n    <\/div>\n\n<\/section><!-- widget-container -->\t\t<\/div>\n\t\t\t\t<\/div>\n\t\t\t\t<div class=\"elementor-element elementor-element-1899649 elementor-widget__width-initial elementor-widget-mobile__width-inherit elementor-widget elementor-widget-aux_modern_heading\" data-id=\"1899649\" data-element_type=\"widget\" data-widget_type=\"aux_modern_heading.default\">\n\t\t\t\t<div class=\"elementor-widget-container\">\n\t\t\t<section class=\"aux-widget-modern-heading\">\n            <div class=\"aux-widget-inner\"><h6 class=\"aux-modern-heading-primary\">Telefon<\/h6><div class=\"aux-modern-heading-description\"><p>(32) 271 03 42, <br \/>609 644 979<\/p><\/div><\/div>\n        <\/section>\t\t<\/div>\n\t\t\t\t<\/div>\n\t\t\t\t\t<\/div>\n\t\t<\/div>\n\t\t\t\t\t<\/div>\n\t\t<\/section>\n\t\t\t\t<div class=\"elementor-element elementor-element-e2155c3 elementor-widget__width-auto elementor-hidden-phone elementor-widget-divider--view-line elementor-widget elementor-widget-divider\" data-id=\"e2155c3\" data-element_type=\"widget\" data-widget_type=\"divider.default\">\n\t\t\t\t<div class=\"elementor-widget-container\">\n\t\t\t\t\t<div class=\"elementor-divider\">\n\t\t\t<span class=\"elementor-divider-separator\">\n\t\t\t\t\t\t<\/span>\n\t\t<\/div>\n\t\t\t\t<\/div>\n\t\t\t\t<\/div>\n\t\t\t\t<div class=\"elementor-element elementor-element-c22e29f elementor-widget elementor-widget-google_maps\" data-id=\"c22e29f\" data-element_type=\"widget\" data-widget_type=\"google_maps.default\">\n\t\t\t\t<div class=\"elementor-widget-container\">\n\t\t\t\t\t<div class=\"elementor-custom-embed\">\n\t\t\t<iframe loading=\"lazy\"\n\t\t\t\t\tsrc=\"https:\/\/maps.google.com\/maps?q=Zabrze%2C%20ul.%203%20Maja%202&#038;t=m&#038;z=14&#038;output=embed&#038;iwloc=near\"\n\t\t\t\t\ttitle=\"Zabrze, ul. 3 Maja 2\"\n\t\t\t\t\taria-label=\"Zabrze, ul. 3 Maja 2\"\n\t\t\t><\/iframe>\n\t\t<\/div>\n\t\t\t\t<\/div>\n\t\t\t\t<\/div>\n\t\t\t\t\t<\/div>\n\t\t<\/div>\n\t\t\t\t<div class=\"aux-parallax-section elementor-column elementor-col-33 elementor-top-column elementor-element elementor-element-2d8aecc\" data-id=\"2d8aecc\" data-element_type=\"column\">\n\t\t\t<div class=\"elementor-widget-wrap elementor-element-populated\">\n\t\t\t\t\t\t<section class=\"elementor-section elementor-inner-section elementor-element elementor-element-910fe3b aux-appear-watch-animation aux-fade-in-up elementor-section-boxed elementor-section-height-default elementor-section-height-default\" data-id=\"910fe3b\" data-element_type=\"section\">\n\t\t\t\t\t\t<div class=\"elementor-container elementor-column-gap-default\">\n\t\t\t\t\t<div class=\"aux-parallax-section elementor-column elementor-col-100 elementor-inner-column elementor-element elementor-element-438d8df aux-appear-watch-animation aux-fade-in-up\" data-id=\"438d8df\" data-element_type=\"column\">\n\t\t\t<div class=\"elementor-widget-wrap elementor-element-populated\">\n\t\t\t\t\t\t<div class=\"elementor-element elementor-element-daa4c21 elementor-widget__width-auto elementor-widget elementor-widget-aux_image\" data-id=\"daa4c21\" data-element_type=\"widget\" data-widget_type=\"aux_image.default\">\n\t\t\t\t<div class=\"elementor-widget-container\">\n\t\t\t<section class=\"widget-container aux-widget-image aux-alignnone aux-parent-au397f4567\">\n    <div class=\"aux-media-hint-frame \">\n        <div class=\"aux-media-image \" >\n        \n            \n\n            \n            <img decoding=\"async\" width=\"107\" height=\"108\" src=\"https:\/\/www.optykazabrze.pl\/wp-content\/uploads\/2020\/03\/Group_4058.svg\" class=\"aux-attachment aux-featured-image aux-attachment-id-25\" alt=\"demo-attachment-353-Group_4058\" data-ratio=\"0.99\" data-original-w=\"107\" \/>            \n                <\/div>\n    <\/div>\n\n<\/section><!-- widget-container -->\t\t<\/div>\n\t\t\t\t<\/div>\n\t\t\t\t<div class=\"elementor-element elementor-element-6735d1f elementor-widget__width-initial elementor-widget-mobile__width-inherit elementor-widget elementor-widget-aux_modern_heading\" data-id=\"6735d1f\" data-element_type=\"widget\" data-widget_type=\"aux_modern_heading.default\">\n\t\t\t\t<div class=\"elementor-widget-container\">\n\t\t\t<section class=\"aux-widget-modern-heading\">\n            <div class=\"aux-widget-inner\"><h6 class=\"aux-modern-heading-primary\">Adres <\/h6><div class=\"aux-modern-heading-description\"><p>44-190 Knur\u00f3w, <br \/>ul. Wolno\u015bci 5<\/p><\/div><\/div>\n        <\/section>\t\t<\/div>\n\t\t\t\t<\/div>\n\t\t\t\t\t<\/div>\n\t\t<\/div>\n\t\t\t\t\t<\/div>\n\t\t<\/section>\n\t\t\t\t<section class=\"elementor-section elementor-inner-section elementor-element elementor-element-47a46ff aux-appear-watch-animation aux-fade-in-up elementor-section-boxed elementor-section-height-default elementor-section-height-default\" data-id=\"47a46ff\" data-element_type=\"section\">\n\t\t\t\t\t\t<div class=\"elementor-container elementor-column-gap-default\">\n\t\t\t\t\t<div class=\"aux-parallax-section elementor-column elementor-col-100 elementor-inner-column elementor-element elementor-element-e647c78\" data-id=\"e647c78\" data-element_type=\"column\">\n\t\t\t<div class=\"elementor-widget-wrap elementor-element-populated\">\n\t\t\t\t\t\t<div class=\"elementor-element elementor-element-3e51273 elementor-widget__width-auto elementor-widget elementor-widget-aux_image\" data-id=\"3e51273\" data-element_type=\"widget\" data-widget_type=\"aux_image.default\">\n\t\t\t\t<div class=\"elementor-widget-container\">\n\t\t\t<section class=\"widget-container aux-widget-image aux-alignnone aux-parent-au5e3715df\">\n    <div class=\"aux-media-hint-frame \">\n        <div class=\"aux-media-image \" >\n        \n            \n\n            \n            <img decoding=\"async\" width=\"104\" height=\"101\" src=\"https:\/\/www.optykazabrze.pl\/wp-content\/uploads\/2020\/03\/Group_19.svg\" class=\"aux-attachment aux-featured-image aux-attachment-id-63\" alt=\"demo-attachment-47-Group_19\" data-ratio=\"1.03\" data-original-w=\"104\" \/>            \n                <\/div>\n    <\/div>\n\n<\/section><!-- widget-container -->\t\t<\/div>\n\t\t\t\t<\/div>\n\t\t\t\t<div class=\"elementor-element elementor-element-1a85738 elementor-widget__width-initial elementor-widget-mobile__width-inherit elementor-widget elementor-widget-aux_modern_heading\" data-id=\"1a85738\" data-element_type=\"widget\" data-widget_type=\"aux_modern_heading.default\">\n\t\t\t\t<div class=\"elementor-widget-container\">\n\t\t\t<section class=\"aux-widget-modern-heading\">\n            <div class=\"aux-widget-inner\"><h6 class=\"aux-modern-heading-primary\">Godziny otwarcia<\/h6><div class=\"aux-modern-heading-description\"><p>poniedzia\u0142ek \u2013 pi\u0105tek <br \/>9:00 \u2013 17:00<\/p><\/div><\/div>\n        <\/section>\t\t<\/div>\n\t\t\t\t<\/div>\n\t\t\t\t\t<\/div>\n\t\t<\/div>\n\t\t\t\t\t<\/div>\n\t\t<\/section>\n\t\t\t\t<section class=\"elementor-section elementor-inner-section elementor-element elementor-element-f111fda aux-appear-watch-animation aux-fade-in-up elementor-section-boxed elementor-section-height-default elementor-section-height-default\" data-id=\"f111fda\" data-element_type=\"section\">\n\t\t\t\t\t\t<div class=\"elementor-container elementor-column-gap-default\">\n\t\t\t\t\t<div class=\"aux-parallax-section elementor-column elementor-col-100 elementor-inner-column elementor-element elementor-element-e8fe760\" data-id=\"e8fe760\" data-element_type=\"column\">\n\t\t\t<div class=\"elementor-widget-wrap elementor-element-populated\">\n\t\t\t\t\t\t<div class=\"elementor-element elementor-element-8c1e672 elementor-widget__width-auto elementor-widget elementor-widget-aux_image\" data-id=\"8c1e672\" data-element_type=\"widget\" data-widget_type=\"aux_image.default\">\n\t\t\t\t<div class=\"elementor-widget-container\">\n\t\t\t<section class=\"widget-container aux-widget-image aux-alignnone aux-parent-au0fa35326\">\n    <div class=\"aux-media-hint-frame \">\n        <div class=\"aux-media-image \" >\n        \n            \n\n            \n            <img decoding=\"async\" width=\"112\" height=\"108\" src=\"https:\/\/www.optykazabrze.pl\/wp-content\/uploads\/2020\/03\/Group_4060.svg\" class=\"aux-attachment aux-featured-image aux-attachment-id-24\" alt=\"demo-attachment-356-Group_4060\" data-ratio=\"1.04\" data-original-w=\"112\" \/>            \n                <\/div>\n    <\/div>\n\n<\/section><!-- widget-container -->\t\t<\/div>\n\t\t\t\t<\/div>\n\t\t\t\t<div class=\"elementor-element elementor-element-a7d11d8 elementor-widget__width-initial elementor-widget-mobile__width-inherit elementor-widget elementor-widget-aux_modern_heading\" data-id=\"a7d11d8\" data-element_type=\"widget\" data-widget_type=\"aux_modern_heading.default\">\n\t\t\t\t<div class=\"elementor-widget-container\">\n\t\t\t<section class=\"aux-widget-modern-heading\">\n            <div class=\"aux-widget-inner\"><h6 class=\"aux-modern-heading-primary\">Telefon<\/h6><div class=\"aux-modern-heading-description\"><p>(32) 236 23 01, <br \/>607\u00a0286\u00a0813<\/p><\/div><\/div>\n        <\/section>\t\t<\/div>\n\t\t\t\t<\/div>\n\t\t\t\t\t<\/div>\n\t\t<\/div>\n\t\t\t\t\t<\/div>\n\t\t<\/section>\n\t\t\t\t<div class=\"elementor-element elementor-element-63808a9 elementor-widget__width-auto elementor-hidden-phone elementor-widget-divider--view-line elementor-widget elementor-widget-divider\" data-id=\"63808a9\" data-element_type=\"widget\" data-widget_type=\"divider.default\">\n\t\t\t\t<div class=\"elementor-widget-container\">\n\t\t\t\t\t<div class=\"elementor-divider\">\n\t\t\t<span class=\"elementor-divider-separator\">\n\t\t\t\t\t\t<\/span>\n\t\t<\/div>\n\t\t\t\t<\/div>\n\t\t\t\t<\/div>\n\t\t\t\t<div class=\"elementor-element elementor-element-9170a1a elementor-widget elementor-widget-google_maps\" data-id=\"9170a1a\" data-element_type=\"widget\" data-widget_type=\"google_maps.default\">\n\t\t\t\t<div class=\"elementor-widget-container\">\n\t\t\t\t\t<div class=\"elementor-custom-embed\">\n\t\t\t<iframe loading=\"lazy\"\n\t\t\t\t\tsrc=\"https:\/\/maps.google.com\/maps?q=Knur%C3%B3w%2C%20ul.%20Wolno%C5%9Bci%205&#038;t=m&#038;z=14&#038;output=embed&#038;iwloc=near\"\n\t\t\t\t\ttitle=\"Knur\u00f3w, ul. Wolno\u015bci 5\"\n\t\t\t\t\taria-label=\"Knur\u00f3w, ul. Wolno\u015bci 5\"\n\t\t\t><\/iframe>\n\t\t<\/div>\n\t\t\t\t<\/div>\n\t\t\t\t<\/div>\n\t\t\t\t\t<\/div>\n\t\t<\/div>\n\t\t\t\t<div class=\"aux-parallax-section elementor-column elementor-col-33 elementor-top-column elementor-element elementor-element-a744f6c\" data-id=\"a744f6c\" data-element_type=\"column\">\n\t\t\t<div class=\"elementor-widget-wrap elementor-element-populated\">\n\t\t\t\t\t\t<section class=\"elementor-section elementor-inner-section elementor-element elementor-element-02a4e18 aux-appear-watch-animation aux-fade-in-up elementor-section-boxed elementor-section-height-default elementor-section-height-default\" data-id=\"02a4e18\" data-element_type=\"section\">\n\t\t\t\t\t\t<div class=\"elementor-container elementor-column-gap-default\">\n\t\t\t\t\t<div class=\"aux-parallax-section elementor-column elementor-col-100 elementor-inner-column elementor-element elementor-element-14ac4b6 aux-appear-watch-animation aux-fade-in-up\" data-id=\"14ac4b6\" data-element_type=\"column\">\n\t\t\t<div class=\"elementor-widget-wrap elementor-element-populated\">\n\t\t\t\t\t\t<div class=\"elementor-element elementor-element-1759e20 elementor-widget__width-auto elementor-widget elementor-widget-aux_image\" data-id=\"1759e20\" data-element_type=\"widget\" data-widget_type=\"aux_image.default\">\n\t\t\t\t<div class=\"elementor-widget-container\">\n\t\t\t<section class=\"widget-container aux-widget-image aux-alignnone aux-parent-aucfe78d5a\">\n    <div class=\"aux-media-hint-frame \">\n        <div class=\"aux-media-image \" >\n        \n            \n\n            \n            <img decoding=\"async\" width=\"107\" height=\"108\" src=\"https:\/\/www.optykazabrze.pl\/wp-content\/uploads\/2020\/03\/Group_4058.svg\" class=\"aux-attachment aux-featured-image aux-attachment-id-25\" alt=\"demo-attachment-353-Group_4058\" data-ratio=\"0.99\" data-original-w=\"107\" \/>            \n                <\/div>\n    <\/div>\n\n<\/section><!-- widget-container -->\t\t<\/div>\n\t\t\t\t<\/div>\n\t\t\t\t<div class=\"elementor-element elementor-element-11ea3e2 elementor-widget__width-initial elementor-widget-mobile__width-inherit elementor-widget elementor-widget-aux_modern_heading\" data-id=\"11ea3e2\" data-element_type=\"widget\" data-widget_type=\"aux_modern_heading.default\">\n\t\t\t\t<div class=\"elementor-widget-container\">\n\t\t\t<section class=\"aux-widget-modern-heading\">\n            <div class=\"aux-widget-inner\"><h6 class=\"aux-modern-heading-primary\">Adres <\/h6><div class=\"aux-modern-heading-description\"><p>44-193 Szczyg\u0142owice<br \/>ul. St. Staszica 1<\/p><\/div><\/div>\n        <\/section>\t\t<\/div>\n\t\t\t\t<\/div>\n\t\t\t\t\t<\/div>\n\t\t<\/div>\n\t\t\t\t\t<\/div>\n\t\t<\/section>\n\t\t\t\t<section class=\"elementor-section elementor-inner-section elementor-element elementor-element-9324d32 aux-appear-watch-animation aux-fade-in-up elementor-section-boxed elementor-section-height-default elementor-section-height-default\" data-id=\"9324d32\" data-element_type=\"section\">\n\t\t\t\t\t\t<div class=\"elementor-container elementor-column-gap-default\">\n\t\t\t\t\t<div class=\"aux-parallax-section elementor-column elementor-col-100 elementor-inner-column elementor-element elementor-element-726f3fe\" data-id=\"726f3fe\" data-element_type=\"column\">\n\t\t\t<div class=\"elementor-widget-wrap elementor-element-populated\">\n\t\t\t\t\t\t<div class=\"elementor-element elementor-element-bf2f38b elementor-widget__width-auto elementor-widget elementor-widget-aux_image\" data-id=\"bf2f38b\" data-element_type=\"widget\" data-widget_type=\"aux_image.default\">\n\t\t\t\t<div class=\"elementor-widget-container\">\n\t\t\t<section class=\"widget-container aux-widget-image aux-alignnone aux-parent-au5fe07490\">\n    <div class=\"aux-media-hint-frame \">\n        <div class=\"aux-media-image \" >\n        \n            \n\n            \n            <img decoding=\"async\" width=\"104\" height=\"101\" src=\"https:\/\/www.optykazabrze.pl\/wp-content\/uploads\/2020\/03\/Group_19.svg\" class=\"aux-attachment aux-featured-image aux-attachment-id-63\" alt=\"demo-attachment-47-Group_19\" data-ratio=\"1.03\" data-original-w=\"104\" \/>            \n                <\/div>\n    <\/div>\n\n<\/section><!-- widget-container -->\t\t<\/div>\n\t\t\t\t<\/div>\n\t\t\t\t<div class=\"elementor-element elementor-element-5083053 elementor-widget__width-initial elementor-widget-mobile__width-inherit elementor-widget elementor-widget-aux_modern_heading\" data-id=\"5083053\" data-element_type=\"widget\" data-widget_type=\"aux_modern_heading.default\">\n\t\t\t\t<div class=\"elementor-widget-container\">\n\t\t\t<section class=\"aux-widget-modern-heading\">\n            <div class=\"aux-widget-inner\"><h6 class=\"aux-modern-heading-primary\">Godziny otwarcia<\/h6><div class=\"aux-modern-heading-description\"><p>poniedzia\u0142ek \u2013 pi\u0105tek <br \/>9:00 \u2013 16:30<br \/>niekt\u00f3re soboty 9:00 \u2013 13:00<\/p><\/div><\/div>\n        <\/section>\t\t<\/div>\n\t\t\t\t<\/div>\n\t\t\t\t\t<\/div>\n\t\t<\/div>\n\t\t\t\t\t<\/div>\n\t\t<\/section>\n\t\t\t\t<section class=\"elementor-section elementor-inner-section elementor-element elementor-element-24fe7b9 aux-appear-watch-animation aux-fade-in-up elementor-section-boxed elementor-section-height-default elementor-section-height-default\" data-id=\"24fe7b9\" data-element_type=\"section\">\n\t\t\t\t\t\t<div class=\"elementor-container elementor-column-gap-default\">\n\t\t\t\t\t<div class=\"aux-parallax-section elementor-column elementor-col-100 elementor-inner-column elementor-element elementor-element-4aab787\" data-id=\"4aab787\" data-element_type=\"column\">\n\t\t\t<div class=\"elementor-widget-wrap elementor-element-populated\">\n\t\t\t\t\t\t<div class=\"elementor-element elementor-element-7d78a22 elementor-widget__width-auto elementor-widget elementor-widget-aux_image\" data-id=\"7d78a22\" data-element_type=\"widget\" data-widget_type=\"aux_image.default\">\n\t\t\t\t<div class=\"elementor-widget-container\">\n\t\t\t<section class=\"widget-container aux-widget-image aux-alignnone aux-parent-au5f0e405c\">\n    <div class=\"aux-media-hint-frame \">\n        <div class=\"aux-media-image \" >\n        \n            \n\n            \n            <img decoding=\"async\" width=\"112\" height=\"108\" src=\"https:\/\/www.optykazabrze.pl\/wp-content\/uploads\/2020\/03\/Group_4060.svg\" class=\"aux-attachment aux-featured-image aux-attachment-id-24\" alt=\"demo-attachment-356-Group_4060\" data-ratio=\"1.04\" data-original-w=\"112\" \/>            \n                <\/div>\n    <\/div>\n\n<\/section><!-- widget-container -->\t\t<\/div>\n\t\t\t\t<\/div>\n\t\t\t\t<div class=\"elementor-element elementor-element-631f94a elementor-widget__width-initial elementor-widget-mobile__width-inherit elementor-widget elementor-widget-aux_modern_heading\" data-id=\"631f94a\" data-element_type=\"widget\" data-widget_type=\"aux_modern_heading.default\">\n\t\t\t\t<div class=\"elementor-widget-container\">\n\t\t\t<section class=\"aux-widget-modern-heading\">\n            <div class=\"aux-widget-inner\"><h6 class=\"aux-modern-heading-primary\">Telefon<\/h6><div class=\"aux-modern-heading-description\"><p>(32) 332 61 18, <br \/>725\u00a0565 545<\/p><\/div><\/div>\n        <\/section>\t\t<\/div>\n\t\t\t\t<\/div>\n\t\t\t\t\t<\/div>\n\t\t<\/div>\n\t\t\t\t\t<\/div>\n\t\t<\/section>\n\t\t\t\t<div class=\"elementor-element elementor-element-ed7da1e elementor-widget__width-auto elementor-hidden-phone elementor-widget-divider--view-line elementor-widget elementor-widget-divider\" data-id=\"ed7da1e\" data-element_type=\"widget\" data-widget_type=\"divider.default\">\n\t\t\t\t<div class=\"elementor-widget-container\">\n\t\t\t\t\t<div class=\"elementor-divider\">\n\t\t\t<span class=\"elementor-divider-separator\">\n\t\t\t\t\t\t<\/span>\n\t\t<\/div>\n\t\t\t\t<\/div>\n\t\t\t\t<\/div>\n\t\t\t\t<div class=\"elementor-element elementor-element-89ef198 elementor-widget elementor-widget-google_maps\" data-id=\"89ef198\" data-element_type=\"widget\" data-widget_type=\"google_maps.default\">\n\t\t\t\t<div class=\"elementor-widget-container\">\n\t\t\t\t\t<div class=\"elementor-custom-embed\">\n\t\t\t<iframe loading=\"lazy\"\n\t\t\t\t\tsrc=\"https:\/\/maps.google.com\/maps?q=Szczyg%C5%82owice&#038;t=m&#038;z=13&#038;output=embed&#038;iwloc=near\"\n\t\t\t\t\ttitle=\"Szczyg\u0142owice\"\n\t\t\t\t\taria-label=\"Szczyg\u0142owice\"\n\t\t\t><\/iframe>\n\t\t<\/div>\n\t\t\t\t<\/div>\n\t\t\t\t<\/div>\n\t\t\t\t\t<\/div>\n\t\t<\/div>\n\t\t\t\t\t<\/div>\n\t\t<\/section>\n\t\t\t\t<\/div>\n\t\t","protected":false},"excerpt":{"rendered":"<p>Kontakt Zapraszamy do naszych salon\u00f3w Adres 41-800 Zabrze, ul. 3 Maja 2 Godziny otwarcia poniedzia\u0142ek \u2013 pi\u0105tek9:00 \u2013 17:00sobota 10:00 \u2013 13:00 Telefon (32) 271 03 42, 609 644 979 Adres 44-190 Knur\u00f3w, ul. Wolno\u015bci 5 Godziny otwarcia poniedzia\u0142ek \u2013 pi\u0105tek 9:00 \u2013 17:00 Telefon (32) 236 23 01, 607\u00a0286\u00a0813 Adres 44-193 Szczyg\u0142owiceul. St. Staszica [&hellip;]<\/p>\n","protected":false},"author":1,"featured_media":0,"parent":0,"menu_order":0,"comment_status":"closed","ping_status":"closed","template":"templates\/page-builder-content.php","meta":{"footnotes":""},"class_list":["post-85","page","type-page","status-publish","hentry"],"_links":{"self":[{"href":"https:\/\/www.optykazabrze.pl\/index.php\/wp-json\/wp\/v2\/pages\/85","targetHints":{"allow":["GET"]}}],"collection":[{"href":"https:\/\/www.optykazabrze.pl\/index.php\/wp-json\/wp\/v2\/pages"}],"about":[{"href":"https:\/\/www.optykazabrze.pl\/index.php\/wp-json\/wp\/v2\/types\/page"}],"author":[{"embeddable":true,"href":"https:\/\/www.optykazabrze.pl\/index.php\/wp-json\/wp\/v2\/users\/1"}],"replies":[{"embeddable":true,"href":"https:\/\/www.optykazabrze.pl\/index.php\/wp-json\/wp\/v2\/comments?post=85"}],"version-history":[{"count":34,"href":"https:\/\/www.optykazabrze.pl\/index.php\/wp-json\/wp\/v2\/pages\/85\/revisions"}],"predecessor-version":[{"id":1235,"href":"https:\/\/www.optykazabrze.pl\/index.php\/wp-json\/wp\/v2\/pages\/85\/revisions\/1235"}],"wp:attachment":[{"href":"https:\/\/www.optykazabrze.pl\/index.php\/wp-json\/wp\/v2\/media?parent=85"}],"curies":[{"name":"wp","href":"https:\/\/api.w.org\/{rel}","templated":true}]}}